{"id":5329,"date":"2021-12-01T11:40:43","date_gmt":"2021-12-01T11:40:43","guid":{"rendered":"https:\/\/agustinmolesabogados.com\/seguretat-social\/"},"modified":"2025-01-02T15:07:58","modified_gmt":"2025-01-02T15:07:58","slug":"seguretat-social","status":"publish","type":"page","link":"https:\/\/agustinmolesabogados.com\/ca\/seguretat-social\/","title":{"rendered":"Seguretat Social"},"content":{"rendered":"\t\t<div data-elementor-type=\"wp-page\" data-elementor-id=\"5329\" class=\"elementor elementor-5329 elementor-710\" data-elementor-post-type=\"page\">\n\t\t\t\t\t\t<section class=\"elementor-section elementor-top-section elementor-element elementor-element-d33403d elementor-section-boxed elementor-section-height-default elementor-section-height-default\" data-id=\"d33403d\" data-element_type=\"section\" data-e-type=\"section\">\n\t\t\t\t\t\t<div class=\"elementor-container elementor-column-gap-default\">\n\t\t\t\t\t<div class=\"elementor-column elementor-col-50 elementor-top-column elementor-element elementor-element-5d728e1\" data-id=\"5d728e1\" data-element_type=\"column\" data-e-type=\"column\">\n\t\t\t<div class=\"elementor-widget-wrap elementor-element-populated\">\n\t\t\t\t\t\t<div class=\"elementor-element elementor-element-2dfe0dc elementor-widget elementor-widget-heading\" data-id=\"2dfe0dc\" data-element_type=\"widget\" data-e-type=\"widget\" data-widget_type=\"heading.default\">\n\t\t\t\t<div class=\"elementor-widget-container\">\n\t\t\t\t\t<h1 class=\"elementor-heading-title elementor-size-default\">Ens especialitzem en <span class=\"textoverde\">Seguretat Social i pensions<\/span><\/h1>\t\t\t\t<\/div>\n\t\t\t\t<\/div>\n\t\t\t\t<div class=\"elementor-element elementor-element-9a0eba5 elementor-widget elementor-widget-text-editor\" data-id=\"9a0eba5\" data-element_type=\"widget\" data-e-type=\"widget\" data-widget_type=\"text-editor.default\">\n\t\t\t\t<div class=\"elementor-widget-container\">\n\t\t\t\t\t\t\t\t\t<p>Els nostres advocats compten amb formaci\u00f3 espec\u00edfica per a tractar amb reclamacions de la Seguretat Social. Disposem d&#8217;un equip expert en els drets de la Seguretat Social. <\/p>\n\t\t\t\t\t\t\t\t<\/div>\n\t\t\t\t<\/div>\n\t\t\t\t<div class=\"elementor-element elementor-element-6a94208 elementor-align-left elementor-widget elementor-widget-button\" data-id=\"6a94208\" data-element_type=\"widget\" data-e-type=\"widget\" data-widget_type=\"button.default\">\n\t\t\t\t<div class=\"elementor-widget-container\">\n\t\t\t\t\t\t\t\t\t<div class=\"elementor-button-wrapper\">\n\t\t\t\t\t<a class=\"elementor-button elementor-button-link elementor-size-sm\" href=\"#elementor-action%3Aaction%3Dpopup%3Aopen%26settings%3DeyJpZCI6NTM3NiwidG9nZ2xlIjpmYWxzZX0%3D\">\n\t\t\t\t\t\t<span class=\"elementor-button-content-wrapper\">\n\t\t\t\t\t\t\t\t\t<span class=\"elementor-button-text\">Demanar videotrucada<\/span>\n\t\t\t\t\t<\/span>\n\t\t\t\t\t<\/a>\n\t\t\t\t<\/div>\n\t\t\t\t\t\t\t\t<\/div>\n\t\t\t\t<\/div>\n\t\t\t\t<div class=\"elementor-element elementor-element-fcde0a3 elementor-widget elementor-widget-text-editor\" data-id=\"fcde0a3\" data-element_type=\"widget\" data-e-type=\"widget\" data-widget_type=\"text-editor.default\">\n\t\t\t\t<div class=\"elementor-widget-container\">\n\t\t\t\t\t\t\t\t\t<p>*Primera videotrucada o visita totalment gratu\u00efta.<\/p>\n\t\t\t\t\t\t\t\t<\/div>\n\t\t\t\t<\/div>\n\t\t\t\t\t<\/div>\n\t\t<\/div>\n\t\t\t\t<div class=\"elementor-column elementor-col-50 elementor-top-column elementor-element elementor-element-3cdd076\" data-id=\"3cdd076\" data-element_type=\"column\" data-e-type=\"column\">\n\t\t\t<div class=\"elementor-widget-wrap elementor-element-populated\">\n\t\t\t\t\t\t<div class=\"elementor-element elementor-element-300261d elementor-widget elementor-widget-spacer\" data-id=\"300261d\" data-element_type=\"widget\" data-e-type=\"widget\" data-widget_type=\"spacer.default\">\n\t\t\t\t<div class=\"elementor-widget-container\">\n\t\t\t\t\t\t\t<div class=\"elementor-spacer\">\n\t\t\t<div class=\"elementor-spacer-inner\"><\/div>\n\t\t<\/div>\n\t\t\t\t\t\t<\/div>\n\t\t\t\t<\/div>\n\t\t\t\t<div class=\"elementor-element elementor-element-04a472c elementor-widget elementor-widget-image\" data-id=\"04a472c\" data-element_type=\"widget\" data-e-type=\"widget\" data-widget_type=\"image.default\">\n\t\t\t\t<div class=\"elementor-widget-container\">\n\t\t\t\t\t\t\t\t\t\t\t\t\t\t\t<img fetchpriority=\"high\" decoding=\"async\" width=\"900\" height=\"666\" src=\"https:\/\/agustinmolesabogados.com\/wp-content\/uploads\/2021\/12\/1-copia-1024x758.jpg\" class=\"attachment-large size-large wp-image-5047\" alt=\"\" srcset=\"https:\/\/agustinmolesabogados.com\/wp-content\/uploads\/2021\/12\/1-copia-1024x758.jpg 1024w, https:\/\/agustinmolesabogados.com\/wp-content\/uploads\/2021\/12\/1-copia-300x222.jpg 300w, https:\/\/agustinmolesabogados.com\/wp-content\/uploads\/2021\/12\/1-copia-768x569.jpg 768w, https:\/\/agustinmolesabogados.com\/wp-content\/uploads\/2021\/12\/1-copia.jpg 1240w\" sizes=\"(max-width: 900px) 100vw, 900px\" \/>\t\t\t\t\t\t\t\t\t\t\t\t\t\t\t<\/div>\n\t\t\t\t<\/div>\n\t\t\t\t\t<\/div>\n\t\t<\/div>\n\t\t\t\t\t<\/div>\n\t\t<\/section>\n\t\t\t\t<section class=\"elementor-section elementor-top-section elementor-element elementor-element-4d7d688 elementor-section-boxed elementor-section-height-default elementor-section-height-default\" data-id=\"4d7d688\" data-element_type=\"section\" data-e-type=\"section\" data-settings=\"{&quot;background_background&quot;:&quot;classic&quot;}\">\n\t\t\t\t\t\t<div class=\"elementor-container elementor-column-gap-default\">\n\t\t\t\t\t<div class=\"elementor-column elementor-col-100 elementor-top-column elementor-element elementor-element-2704fba\" data-id=\"2704fba\" data-element_type=\"column\" data-e-type=\"column\">\n\t\t\t<div class=\"elementor-widget-wrap elementor-element-populated\">\n\t\t\t\t\t\t<div class=\"elementor-element elementor-element-d6b4c83 elementor-absolute elementor-widget elementor-widget-spacer\" data-id=\"d6b4c83\" data-element_type=\"widget\" data-e-type=\"widget\" data-settings=\"{&quot;_position&quot;:&quot;absolute&quot;}\" data-widget_type=\"spacer.default\">\n\t\t\t\t<div class=\"elementor-widget-container\">\n\t\t\t\t\t\t\t<div class=\"elementor-spacer\">\n\t\t\t<div class=\"elementor-spacer-inner\"><\/div>\n\t\t<\/div>\n\t\t\t\t\t\t<\/div>\n\t\t\t\t<\/div>\n\t\t\t\t<div class=\"elementor-element elementor-element-d2c62ed elementor-widget elementor-widget-heading\" data-id=\"d2c62ed\" data-element_type=\"widget\" data-e-type=\"widget\" data-widget_type=\"heading.default\">\n\t\t\t\t<div class=\"elementor-widget-container\">\n\t\t\t\t\t<h2 class=\"elementor-heading-title elementor-size-default\">T'ajudem amb la <span class=\"textoverde\">Seguretat Social?<\/span><\/h2>\t\t\t\t<\/div>\n\t\t\t\t<\/div>\n\t\t<div class=\"elementor-element elementor-element-3d8387f e-flex e-con-boxed e-con e-parent\" data-id=\"3d8387f\" data-element_type=\"container\" data-e-type=\"container\">\n\t\t\t\t\t<div class=\"e-con-inner\">\n\t\t<div class=\"elementor-element elementor-element-6d9ce39 e-con-full e-flex e-con e-child\" data-id=\"6d9ce39\" data-element_type=\"container\" data-e-type=\"container\">\n\t\t\t\t<div class=\"elementor-element elementor-element-a5585d9 elementor-widget elementor-widget-text-editor\" data-id=\"a5585d9\" data-element_type=\"widget\" data-e-type=\"widget\" data-widget_type=\"text-editor.default\">\n\t\t\t\t<div class=\"elementor-widget-container\">\n\t\t\t\t\t\t\t\t\t<p>T&#8217;ho posem f\u00e0cil per a reclamar totes aquelles prestacions cobertes pel nostre Sistema de Seguretat Social: <a style=\"color: green;\" href=\"https:\/\/agustinmolesabogados.com\/ca\/seguretat-social\/\">Jubilaci\u00f3<\/a> , <a style=\"color: green;\" href=\"https:\/\/agustinmolesabogados.com\/incapacidad-permanente\/\">incapacitat permanent<\/a>, incapacitat temporal (baixa m\u00e8dica), prestaci\u00f3 per desocupaci\u00f3, maternitat, paternitat, lact\u00e0ncia, prestaci\u00f3 de cura de menors, vidu\u00eftat i orfandat, altres prestacions contributives.<\/p>\t\t\t\t\t\t\t\t<\/div>\n\t\t\t\t<\/div>\n\t\t\t\t<\/div>\n\t\t<div class=\"elementor-element elementor-element-188d9f6 e-con-full e-flex e-con e-child\" data-id=\"188d9f6\" data-element_type=\"container\" data-e-type=\"container\">\n\t\t\t\t<div class=\"elementor-element elementor-element-992cce1 elementor-widget elementor-widget-text-editor\" data-id=\"992cce1\" data-element_type=\"widget\" data-e-type=\"widget\" data-widget_type=\"text-editor.default\">\n\t\t\t\t<div class=\"elementor-widget-container\">\n\t\t\t\t\t\t\t\t\t<p>A m\u00e9s, gestionem les prestacions no contributives com el grau de reconeixement de discapacitat i el grau de reconeixement de la depend\u00e8ncia.<\/p>\t\t\t\t\t\t\t\t<\/div>\n\t\t\t\t<\/div>\n\t\t\t\t<\/div>\n\t\t\t\t\t<\/div>\n\t\t\t\t<\/div>\n\t\t\t\t<section class=\"elementor-section elementor-inner-section elementor-element elementor-element-fb8e618 elementor-section-boxed elementor-section-height-default elementor-section-height-default\" data-id=\"fb8e618\" data-element_type=\"section\" data-e-type=\"section\">\n\t\t\t\t\t\t<div class=\"elementor-container elementor-column-gap-default\">\n\t\t\t\t\t<div class=\"make-column-clickable-elementor elementor-column elementor-col-33 elementor-inner-column elementor-element elementor-element-5e83a5b\" style=\"cursor: pointer;\" data-column-clickable=\"https:\/\/agustinmolesabogados.com\/incapacidad-permanente\" data-column-clickable-blank=\"_self\" data-id=\"5e83a5b\" data-element_type=\"column\" data-e-type=\"column\" data-settings=\"{&quot;background_background&quot;:&quot;classic&quot;}\">\n\t\t\t<div class=\"elementor-widget-wrap elementor-element-populated\">\n\t\t\t\t\t\t<div class=\"elementor-element elementor-element-50a699e elementor-widget elementor-widget-heading\" data-id=\"50a699e\" data-element_type=\"widget\" data-e-type=\"widget\" data-widget_type=\"heading.default\">\n\t\t\t\t<div class=\"elementor-widget-container\">\n\t\t\t\t\t<h2 class=\"elementor-heading-title elementor-size-default\">Incapacitat laboral<\/h2>\t\t\t\t<\/div>\n\t\t\t\t<\/div>\n\t\t\t\t<div class=\"elementor-element elementor-element-ba95d96 elementor-widget elementor-widget-text-editor\" data-id=\"ba95d96\" data-element_type=\"widget\" data-e-type=\"widget\" data-widget_type=\"text-editor.default\">\n\t\t\t\t<div class=\"elementor-widget-container\">\n\t\t\t\t\t\t\t\t\t<p>Ens ocupem de tramitar prestacions i pensions per incapacitat permanent, sigui com sigui la seva naturalesa. Gaireb\u00e9 el 90% de les sol\u00b7licituds totals a nivell nacional s\u00f3n rebutjades per l&#8217;INSS. Per aquest motiu, es essencial tenir al costat un especialista de confian\u00e7a que t&#8217;ajudi a reclamar el que et pertany.  <\/p>\n\t\t\t\t\t\t\t\t<\/div>\n\t\t\t\t<\/div>\n\t\t\t\t\t<\/div>\n\t\t<\/div>\n\t\t\t\t<div class=\"make-column-clickable-elementor elementor-column elementor-col-33 elementor-inner-column elementor-element elementor-element-c747f60\" style=\"cursor: pointer;\" data-column-clickable=\"https:\/\/agustinmolesabogados.com\/jubilacion\" data-column-clickable-blank=\"_self\" data-id=\"c747f60\" data-element_type=\"column\" data-e-type=\"column\" data-settings=\"{&quot;background_background&quot;:&quot;classic&quot;}\">\n\t\t\t<div class=\"elementor-widget-wrap elementor-element-populated\">\n\t\t\t\t\t\t<div class=\"elementor-element elementor-element-653d80f elementor-widget elementor-widget-heading\" data-id=\"653d80f\" data-element_type=\"widget\" data-e-type=\"widget\" data-widget_type=\"heading.default\">\n\t\t\t\t<div class=\"elementor-widget-container\">\n\t\t\t\t\t<h2 class=\"elementor-heading-title elementor-size-default\">Jubilaci\u00f3<\/h2>\t\t\t\t<\/div>\n\t\t\t\t<\/div>\n\t\t\t\t<div class=\"elementor-element elementor-element-3dc2aeb elementor-widget elementor-widget-text-editor\" data-id=\"3dc2aeb\" data-element_type=\"widget\" data-e-type=\"widget\" data-widget_type=\"text-editor.default\">\n\t\t\t\t<div class=\"elementor-widget-container\">\n\t\t\t\t\t\t\t\t\t<p>Siguin de forma ordin\u00e0ries, anticipada o for\u00e7ades, les jubilacions s\u00f3n un gran pas en la vida de qualsevol persona. Si tens clar que et jubilar\u00e0s, o tens previst fer-ho aviat, necessites l&#8217;assessorament adequat per a rebre la pensi\u00f3 que et mereixes. <\/p>\n\t\t\t\t\t\t\t\t<\/div>\n\t\t\t\t<\/div>\n\t\t\t\t\t<\/div>\n\t\t<\/div>\n\t\t\t\t<div class=\"make-column-clickable-elementor elementor-column elementor-col-33 elementor-inner-column elementor-element elementor-element-b9408ea\" style=\"cursor: pointer;\" data-column-clickable=\"https:\/\/agustinmolesabogados.com\/incapacidad-permanente\" data-column-clickable-blank=\"_self\" data-id=\"b9408ea\" data-element_type=\"column\" data-e-type=\"column\" data-settings=\"{&quot;background_background&quot;:&quot;classic&quot;}\">\n\t\t\t<div class=\"elementor-widget-wrap elementor-element-populated\">\n\t\t\t\t\t\t<div class=\"elementor-element elementor-element-15ed9c2 elementor-widget elementor-widget-heading\" data-id=\"15ed9c2\" data-element_type=\"widget\" data-e-type=\"widget\" data-widget_type=\"heading.default\">\n\t\t\t\t<div class=\"elementor-widget-container\">\n\t\t\t\t\t<h2 class=\"elementor-heading-title elementor-size-default\">Discapacitat<\/h2>\t\t\t\t<\/div>\n\t\t\t\t<\/div>\n\t\t\t\t<div class=\"elementor-element elementor-element-b141303 hola elementor-widget elementor-widget-text-editor\" data-id=\"b141303\" data-element_type=\"widget\" data-e-type=\"widget\" data-widget_type=\"text-editor.default\">\n\t\t\t\t<div class=\"elementor-widget-container\">\n\t\t\t\t\t\t\t\t\t<p>Has patit algun tipus de lesi\u00f3? Has estat v\u00edctima d&#8217;una neglig\u00e8ncia m\u00e8dica? Pateixes alguna patologia greu? En qualsevol d&#8217;aquests casos, tens l&#8217;opci\u00f3 de sol\u00b7licitar el certificat de minusvalidesa o discapacitat per a beneficiar-te de tots els avantatges socials que comporta el 33% m\u00ednim de minusvalidesa reconeguda.   <\/p>\n\t\t\t\t\t\t\t\t<\/div>\n\t\t\t\t<\/div>\n\t\t\t\t\t<\/div>\n\t\t<\/div>\n\t\t\t\t\t<\/div>\n\t\t<\/section>\n\t\t\t\t\t<\/div>\n\t\t<\/div>\n\t\t\t\t\t<\/div>\n\t\t<\/section>\n\t\t\t\t<section class=\"elementor-section elementor-top-section elementor-element elementor-element-af7fdc8 elementor-section-boxed elementor-section-height-default elementor-section-height-default\" data-id=\"af7fdc8\" data-element_type=\"section\" data-e-type=\"section\">\n\t\t\t\t\t\t<div class=\"elementor-container elementor-column-gap-default\">\n\t\t\t\t\t<div class=\"elementor-column elementor-col-50 elementor-top-column elementor-element elementor-element-b0467b2\" data-id=\"b0467b2\" data-element_type=\"column\" data-e-type=\"column\">\n\t\t\t<div class=\"elementor-widget-wrap elementor-element-populated\">\n\t\t\t\t\t\t<div class=\"elementor-element elementor-element-0242a23 elementor-widget elementor-widget-heading\" data-id=\"0242a23\" data-element_type=\"widget\" data-e-type=\"widget\" data-widget_type=\"heading.default\">\n\t\t\t\t<div class=\"elementor-widget-container\">\n\t\t\t\t\t<h2 class=\"elementor-heading-title elementor-size-default\">La nostra <span class=\"textoverde\">metodologia<\/span><\/h2>\t\t\t\t<\/div>\n\t\t\t\t<\/div>\n\t\t\t\t<div class=\"elementor-element elementor-element-9c56e25 elementor-widget elementor-widget-text-editor\" data-id=\"9c56e25\" data-element_type=\"widget\" data-e-type=\"widget\" data-widget_type=\"text-editor.default\">\n\t\t\t\t<div class=\"elementor-widget-container\">\n\t\t\t\t\t\t\t\t\t<p>Abans de tramitar qualsevol prestaci\u00f3 s&#8217;ha de con\u00e8ixer a fons quina \u00e9s la jurisprud\u00e8ncia de l&#8217;\u00e0mbit social que li competeix. A m\u00e9s, cal tenir-ho en compte a nivell europeu, ja que la normativa espanyola es considera massa restrictiva en molts casos relacionats.<\/p><p><strong>El nostre equip d&#8217;advocats est\u00e0 al corrent de totes les novetats legals, per tal d&#8217;atendre degudament els nostres clients.<\/strong><\/p>\t\t\t\t\t\t\t\t<\/div>\n\t\t\t\t<\/div>\n\t\t\t\t\t<\/div>\n\t\t<\/div>\n\t\t\t\t<div class=\"elementor-column elementor-col-50 elementor-top-column elementor-element elementor-element-465a29b\" data-id=\"465a29b\" data-element_type=\"column\" data-e-type=\"column\">\n\t\t\t<div class=\"elementor-widget-wrap elementor-element-populated\">\n\t\t\t\t\t\t<section class=\"elementor-section elementor-inner-section elementor-element elementor-element-1cf3598 elementor-hidden-phone elementor-section-boxed elementor-section-height-default elementor-section-height-default\" data-id=\"1cf3598\" data-element_type=\"section\" data-e-type=\"section\">\n\t\t\t\t\t\t<div class=\"elementor-container elementor-column-gap-default\">\n\t\t\t\t\t<div class=\"elementor-column elementor-col-50 elementor-inner-column elementor-element elementor-element-6ddb346\" data-id=\"6ddb346\" data-element_type=\"column\" data-e-type=\"column\">\n\t\t\t<div class=\"elementor-widget-wrap elementor-element-populated\">\n\t\t\t\t\t\t<div class=\"elementor-element elementor-element-3204be8 elementor-widget elementor-widget-text-editor\" data-id=\"3204be8\" data-element_type=\"widget\" data-e-type=\"widget\" data-widget_type=\"text-editor.default\">\n\t\t\t\t<div class=\"elementor-widget-container\">\n\t\t\t\t\t\t\t\t\t<p>Primera reuni\u00f3<br \/>amb el client<\/p>\t\t\t\t\t\t\t\t<\/div>\n\t\t\t\t<\/div>\n\t\t\t\t<div class=\"elementor-element elementor-element-3a9d72c elementor-widget elementor-widget-image\" data-id=\"3a9d72c\" data-element_type=\"widget\" data-e-type=\"widget\" data-widget_type=\"image.default\">\n\t\t\t\t<div class=\"elementor-widget-container\">\n\t\t\t\t\t\t\t\t\t\t\t\t\t\t\t<img decoding=\"async\" width=\"1\" height=\"1\" src=\"https:\/\/agustinmolesabogados.com\/wp-content\/uploads\/2025\/01\/Vector-17.svg\" class=\"attachment-large size-large wp-image-6304\" alt=\"\" \/>\t\t\t\t\t\t\t\t\t\t\t\t\t\t\t<\/div>\n\t\t\t\t<\/div>\n\t\t\t\t<div class=\"elementor-element elementor-element-e52099d elementor-widget elementor-widget-text-editor\" data-id=\"e52099d\" data-element_type=\"widget\" data-e-type=\"widget\" data-widget_type=\"text-editor.default\">\n\t\t\t\t<div class=\"elementor-widget-container\">\n\t\t\t\t\t\t\t\t\t<p>1<\/p>\t\t\t\t\t\t\t\t<\/div>\n\t\t\t\t<\/div>\n\t\t\t\t\t<\/div>\n\t\t<\/div>\n\t\t\t\t<div class=\"elementor-column elementor-col-50 elementor-inner-column elementor-element elementor-element-fcdd6c4\" data-id=\"fcdd6c4\" data-element_type=\"column\" data-e-type=\"column\">\n\t\t\t<div class=\"elementor-widget-wrap elementor-element-populated\">\n\t\t\t\t\t\t<div class=\"elementor-element elementor-element-4e15faa elementor-widget elementor-widget-text-editor\" data-id=\"4e15faa\" data-element_type=\"widget\" data-e-type=\"widget\" data-widget_type=\"text-editor.default\">\n\t\t\t\t<div class=\"elementor-widget-container\">\n\t\t\t\t\t\t\t\t\t<p>Estudi exhaustiu del cas<\/p>\t\t\t\t\t\t\t\t<\/div>\n\t\t\t\t<\/div>\n\t\t\t\t<div class=\"elementor-element elementor-element-a8aabc3 elementor-widget elementor-widget-image\" data-id=\"a8aabc3\" data-element_type=\"widget\" data-e-type=\"widget\" data-widget_type=\"image.default\">\n\t\t\t\t<div class=\"elementor-widget-container\">\n\t\t\t\t\t\t\t\t\t\t\t\t\t\t\t<img decoding=\"async\" width=\"1\" height=\"1\" src=\"https:\/\/agustinmolesabogados.com\/wp-content\/uploads\/2025\/01\/Vector-18.svg\" class=\"attachment-large size-large wp-image-6306\" alt=\"\" \/>\t\t\t\t\t\t\t\t\t\t\t\t\t\t\t<\/div>\n\t\t\t\t<\/div>\n\t\t\t\t<div class=\"elementor-element elementor-element-2af9a99 elementor-widget elementor-widget-text-editor\" data-id=\"2af9a99\" data-element_type=\"widget\" data-e-type=\"widget\" data-widget_type=\"text-editor.default\">\n\t\t\t\t<div class=\"elementor-widget-container\">\n\t\t\t\t\t\t\t\t\t<p>2<\/p>\t\t\t\t\t\t\t\t<\/div>\n\t\t\t\t<\/div>\n\t\t\t\t\t<\/div>\n\t\t<\/div>\n\t\t\t\t\t<\/div>\n\t\t<\/section>\n\t\t\t\t<section class=\"elementor-section elementor-inner-section elementor-element elementor-element-59c42db elementor-hidden-phone elementor-section-boxed elementor-section-height-default elementor-section-height-default\" data-id=\"59c42db\" data-element_type=\"section\" data-e-type=\"section\">\n\t\t\t\t\t\t<div class=\"elementor-container elementor-column-gap-default\">\n\t\t\t\t\t<div class=\"elementor-column elementor-col-50 elementor-inner-column elementor-element elementor-element-3d66749\" data-id=\"3d66749\" data-element_type=\"column\" data-e-type=\"column\">\n\t\t\t<div class=\"elementor-widget-wrap elementor-element-populated\">\n\t\t\t\t\t\t<div class=\"elementor-element elementor-element-28df089 elementor-widget elementor-widget-text-editor\" data-id=\"28df089\" data-element_type=\"widget\" data-e-type=\"widget\" data-widget_type=\"text-editor.default\">\n\t\t\t\t<div class=\"elementor-widget-container\">\n\t\t\t\t\t\t\t\t\t<p>Reafirmar els<br \/>requisits<br \/>legals<\/p>\t\t\t\t\t\t\t\t<\/div>\n\t\t\t\t<\/div>\n\t\t\t\t<div class=\"elementor-element elementor-element-c633c9a elementor-widget elementor-widget-image\" data-id=\"c633c9a\" data-element_type=\"widget\" data-e-type=\"widget\" data-widget_type=\"image.default\">\n\t\t\t\t<div class=\"elementor-widget-container\">\n\t\t\t\t\t\t\t\t\t\t\t\t\t\t\t<img loading=\"lazy\" decoding=\"async\" width=\"1\" height=\"1\" src=\"https:\/\/agustinmolesabogados.com\/wp-content\/uploads\/2025\/01\/Vector-19.svg\" class=\"attachment-large size-large wp-image-6308\" alt=\"\" \/>\t\t\t\t\t\t\t\t\t\t\t\t\t\t\t<\/div>\n\t\t\t\t<\/div>\n\t\t\t\t<div class=\"elementor-element elementor-element-03e28dd elementor-widget elementor-widget-text-editor\" data-id=\"03e28dd\" data-element_type=\"widget\" data-e-type=\"widget\" data-widget_type=\"text-editor.default\">\n\t\t\t\t<div class=\"elementor-widget-container\">\n\t\t\t\t\t\t\t\t\t<p>3<\/p>\t\t\t\t\t\t\t\t<\/div>\n\t\t\t\t<\/div>\n\t\t\t\t\t<\/div>\n\t\t<\/div>\n\t\t\t\t<div class=\"elementor-column elementor-col-50 elementor-inner-column elementor-element elementor-element-9565d6a\" data-id=\"9565d6a\" data-element_type=\"column\" data-e-type=\"column\">\n\t\t\t<div class=\"elementor-widget-wrap elementor-element-populated\">\n\t\t\t\t\t\t<div class=\"elementor-element elementor-element-8dc9e63 elementor-widget elementor-widget-text-editor\" data-id=\"8dc9e63\" data-element_type=\"widget\" data-e-type=\"widget\" data-widget_type=\"text-editor.default\">\n\t\t\t\t<div class=\"elementor-widget-container\">\n\t\t\t\t\t\t\t\t\t<p>Activaci\u00f3 del tr\u00e0mit legal o demanda judicial<\/p>\t\t\t\t\t\t\t\t<\/div>\n\t\t\t\t<\/div>\n\t\t\t\t<div class=\"elementor-element elementor-element-56107e9 elementor-widget elementor-widget-image\" data-id=\"56107e9\" data-element_type=\"widget\" data-e-type=\"widget\" data-widget_type=\"image.default\">\n\t\t\t\t<div class=\"elementor-widget-container\">\n\t\t\t\t\t\t\t\t\t\t\t\t\t\t\t<img loading=\"lazy\" decoding=\"async\" width=\"1\" height=\"1\" src=\"https:\/\/agustinmolesabogados.com\/wp-content\/uploads\/2025\/01\/Vector-20.svg\" class=\"attachment-large size-large wp-image-6310\" alt=\"\" \/>\t\t\t\t\t\t\t\t\t\t\t\t\t\t\t<\/div>\n\t\t\t\t<\/div>\n\t\t\t\t<div class=\"elementor-element elementor-element-e2549a7 elementor-widget elementor-widget-text-editor\" data-id=\"e2549a7\" data-element_type=\"widget\" data-e-type=\"widget\" data-widget_type=\"text-editor.default\">\n\t\t\t\t<div class=\"elementor-widget-container\">\n\t\t\t\t\t\t\t\t\t<p>4<\/p>\t\t\t\t\t\t\t\t<\/div>\n\t\t\t\t<\/div>\n\t\t\t\t\t<\/div>\n\t\t<\/div>\n\t\t\t\t\t<\/div>\n\t\t<\/section>\n\t\t\t\t\t<\/div>\n\t\t<\/div>\n\t\t\t\t\t<\/div>\n\t\t<\/section>\n\t\t<div class=\"elementor-element elementor-element-697de67 e-flex e-con-boxed e-con e-parent\" data-id=\"697de67\" data-element_type=\"container\" data-e-type=\"container\">\n\t\t\t\t\t<div class=\"e-con-inner\">\n\t\t<div class=\"elementor-element elementor-element-12a327a e-con-full e-flex e-con e-child\" data-id=\"12a327a\" data-element_type=\"container\" data-e-type=\"container\">\n\t\t<div class=\"elementor-element elementor-element-fbf9d28 e-con-full e-flex e-con e-child\" data-id=\"fbf9d28\" data-element_type=\"container\" data-e-type=\"container\">\n\t\t\t\t<div class=\"elementor-element elementor-element-cdc446c elementor-widget elementor-widget-text-editor\" data-id=\"cdc446c\" data-element_type=\"widget\" data-e-type=\"widget\" data-widget_type=\"text-editor.default\">\n\t\t\t\t<div class=\"elementor-widget-container\">\n\t\t\t\t\t\t\t\t\t<p>A <strong><a style=\"color: green;\" href=\"https:\/\/agustinmolesabogados.com\/ca\/\" target=\"_blank\" rel=\"noopener\">Agust\u00edn Moles Advocats<\/a><\/strong> comptem amb advocats formats espec\u00edficament a tractar amb reclamacions de la Seguretat Social a <strong>Barcelona, <a style=\"color: green;\" href=\"https:\/\/agustinmolesabogados.com\/abogado-seguridad-social-cornella-de-llobregat\/\" target=\"_blank\" rel=\"noopener\">Cornell\u00e0<\/a>, <a style=\"color: green;\" href=\"https:\/\/agustinmolesabogados.com\/abogado-seguridad-social-en-el-prat-de-llobregat\/\" target=\"_blank\" rel=\"noopener\">El Prat<\/a>, <a style=\"color: green;\" href=\"https:\/\/agustinmolesabogados.com\/abogado-seguridad-social-hospitalet-de-llobregat\/\" target=\"_blank\" rel=\"noopener\">Hospitalet<\/a>, <a style=\"color: green;\" href=\"https:\/\/agustinmolesabogados.com\/abogado-seguridad-sant-feliu-de-llobregat\/\" target=\"_blank\" rel=\"noopener\">Sant Feliu<\/a>, <a style=\"color: green;\" href=\"https:\/\/agustinmolesabogados.com\/abogado-seguridad-social-sant-joan-despi\/\" target=\"_blank\" rel=\"noopener\">Sant Joan Desp\u00ed<\/a>, Molins de Rei, <a style=\"color: green;\" href=\"https:\/\/agustinmolesabogados.com\/abogado-seguridad-social-sant-boi-de-llobregat\/\" target=\"_blank\" rel=\"noopener\">Sant Boi<\/a>, <a style=\"color: green;\" href=\"https:\/\/agustinmolesabogados.com\/abogado-seguridad-social-sant-just-desvern\/\" target=\"_blank\" rel=\"noopener\">Sant Just Desvern<\/a>, <a style=\"color: green;\" href=\"https:\/\/agustinmolesabogados.com\/abogado-seguridad-social-en-sitges\/\" target=\"_blank\" rel=\"noopener\">Sitges<\/a>, <a style=\"color: green;\" href=\"https:\/\/agustinmolesabogados.com\/abogado-seguridad-social-en-viladecans\/\" target=\"_blank\" rel=\"noopener\">Viladecans<\/a> i m\u00e9s localitats.<\/strong><\/p>\t\t\t\t\t\t\t\t<\/div>\n\t\t\t\t<\/div>\n\t\t\t\t<\/div>\n\t\t<div class=\"elementor-element elementor-element-e9ed932 e-con-full e-flex e-con e-child\" data-id=\"e9ed932\" data-element_type=\"container\" data-e-type=\"container\">\n\t\t\t\t<div class=\"elementor-element elementor-element-5137cd5 elementor-widget elementor-widget-text-editor\" data-id=\"5137cd5\" data-element_type=\"widget\" data-e-type=\"widget\" data-widget_type=\"text-editor.default\">\n\t\t\t\t<div class=\"elementor-widget-container\">\n\t\t\t\t\t\t\t\t\t<p>El nostre equip d&#8217;experts t\u2018ho posar\u00e0 f\u00e0cil per a reclamar totes aquelles prestacions cobertes per la Seguretat Social. <strong>Contacta avui mateix amb Agust\u00edn Moles Advocats!<\/strong><\/p>\t\t\t\t\t\t\t\t<\/div>\n\t\t\t\t<\/div>\n\t\t\t\t<\/div>\n\t\t\t\t<\/div>\n\t\t\t\t\t<\/div>\n\t\t\t\t<\/div>\n\t\t\t\t<\/div>\n\t\t","protected":false},"excerpt":{"rendered":"<p>Ens especialitzem en Seguretat Social i pensions Els nostres advocats compten amb formaci\u00f3 espec\u00edfica per a tractar amb reclamacions de la Seguretat Social. Disposem d&#8217;un equip expert en els drets de la Seguretat Social. Demanar videotrucada *Primera videotrucada o visita totalment gratu\u00efta. T&#8217;ajudem amb la Seguretat Social? T&#8217;ho posem f\u00e0cil per a reclamar totes aquelles &#8230; <a title=\"Seguretat Social\" class=\"read-more\" href=\"https:\/\/agustinmolesabogados.com\/ca\/seguretat-social\/\" aria-label=\"M\u00e9s informaci\u00f3 sobre Seguretat Social\">Llegiu m\u00e9s<\/a><\/p>\n","protected":false},"author":3,"featured_media":0,"parent":0,"menu_order":0,"comment_status":"closed","ping_status":"closed","template":"elementor_header_footer","meta":{"inline_featured_image":false,"footnotes":""},"folder":[18],"class_list":["post-5329","page","type-page","status-publish"],"yoast_head":"<!-- This site is optimized with the Yoast SEO plugin v27.3 - https:\/\/yoast.com\/product\/yoast-seo-wordpress\/ -->\n<title>Seguretat Social - Agust\u00edn Moles Abogados<\/title>\n<meta name=\"description\" content=\"Us ho posem f\u00e0cil per reclamar totes aquelles prestacions cobertes pel nostre Sistema de Seguretat Social. Contacta amb nosaltres.\" \/>\n<meta name=\"robots\" content=\"index, follow, max-snippet:-1, max-image-preview:large, max-video-preview:-1\" \/>\n<link rel=\"canonical\" href=\"https:\/\/agustinmolesabogados.com\/ca\/seguretat-social\/\" \/>\n<meta property=\"og:locale\" content=\"ca_ES\" \/>\n<meta property=\"og:type\" content=\"article\" \/>\n<meta property=\"og:title\" content=\"Seguretat Social - Agust\u00edn Moles Abogados\" \/>\n<meta property=\"og:description\" content=\"Us ho posem f\u00e0cil per reclamar totes aquelles prestacions cobertes pel nostre Sistema de Seguretat Social. Contacta amb nosaltres.\" \/>\n<meta property=\"og:url\" content=\"https:\/\/agustinmolesabogados.com\/ca\/seguretat-social\/\" \/>\n<meta property=\"og:site_name\" content=\"Agust\u00edn Moles Abogados\" \/>\n<meta property=\"article:modified_time\" content=\"2025-01-02T15:07:58+00:00\" \/>\n<meta property=\"og:image\" content=\"https:\/\/agustinmolesabogados.com\/wp-content\/uploads\/2021\/12\/1-copia.jpg\" \/>\n\t<meta property=\"og:image:width\" content=\"1240\" \/>\n\t<meta property=\"og:image:height\" content=\"918\" \/>\n\t<meta property=\"og:image:type\" content=\"image\/jpeg\" \/>\n<meta name=\"twitter:card\" content=\"summary_large_image\" \/>\n<meta name=\"twitter:label1\" content=\"Temps estimat de lectura\" \/>\n\t<meta name=\"twitter:data1\" content=\"4 minuts\" \/>\n<script type=\"application\/ld+json\" class=\"yoast-schema-graph\">{\"@context\":\"https:\\\/\\\/schema.org\",\"@graph\":[{\"@type\":\"WebPage\",\"@id\":\"https:\\\/\\\/agustinmolesabogados.com\\\/ca\\\/seguretat-social\\\/\",\"url\":\"https:\\\/\\\/agustinmolesabogados.com\\\/ca\\\/seguretat-social\\\/\",\"name\":\"Seguretat Social - Agust\u00edn Moles Abogados\",\"isPartOf\":{\"@id\":\"https:\\\/\\\/agustinmolesabogados.com\\\/ca\\\/#website\"},\"primaryImageOfPage\":{\"@id\":\"https:\\\/\\\/agustinmolesabogados.com\\\/ca\\\/seguretat-social\\\/#primaryimage\"},\"image\":{\"@id\":\"https:\\\/\\\/agustinmolesabogados.com\\\/ca\\\/seguretat-social\\\/#primaryimage\"},\"thumbnailUrl\":\"https:\\\/\\\/agustinmolesabogados.com\\\/wp-content\\\/uploads\\\/2021\\\/12\\\/1-copia-1024x758.jpg\",\"datePublished\":\"2021-12-01T11:40:43+00:00\",\"dateModified\":\"2025-01-02T15:07:58+00:00\",\"description\":\"Us ho posem f\u00e0cil per reclamar totes aquelles prestacions cobertes pel nostre Sistema de Seguretat Social. Contacta amb nosaltres.\",\"breadcrumb\":{\"@id\":\"https:\\\/\\\/agustinmolesabogados.com\\\/ca\\\/seguretat-social\\\/#breadcrumb\"},\"inLanguage\":\"ca\",\"potentialAction\":[{\"@type\":\"ReadAction\",\"target\":[\"https:\\\/\\\/agustinmolesabogados.com\\\/ca\\\/seguretat-social\\\/\"]}]},{\"@type\":\"ImageObject\",\"inLanguage\":\"ca\",\"@id\":\"https:\\\/\\\/agustinmolesabogados.com\\\/ca\\\/seguretat-social\\\/#primaryimage\",\"url\":\"https:\\\/\\\/agustinmolesabogados.com\\\/wp-content\\\/uploads\\\/2021\\\/12\\\/1-copia-1024x758.jpg\",\"contentUrl\":\"https:\\\/\\\/agustinmolesabogados.com\\\/wp-content\\\/uploads\\\/2021\\\/12\\\/1-copia-1024x758.jpg\"},{\"@type\":\"BreadcrumbList\",\"@id\":\"https:\\\/\\\/agustinmolesabogados.com\\\/ca\\\/seguretat-social\\\/#breadcrumb\",\"itemListElement\":[{\"@type\":\"ListItem\",\"position\":1,\"name\":\"Portada\",\"item\":\"https:\\\/\\\/agustinmolesabogados.com\\\/ca\\\/inici\\\/\"},{\"@type\":\"ListItem\",\"position\":2,\"name\":\"Seguretat Social\"}]},{\"@type\":\"WebSite\",\"@id\":\"https:\\\/\\\/agustinmolesabogados.com\\\/ca\\\/#website\",\"url\":\"https:\\\/\\\/agustinmolesabogados.com\\\/ca\\\/\",\"name\":\"Agust\u00edn Moles Abogados\",\"description\":\"40 a\u00f1os al servicio de la justicia\",\"publisher\":{\"@id\":\"https:\\\/\\\/agustinmolesabogados.com\\\/ca\\\/#organization\"},\"potentialAction\":[{\"@type\":\"SearchAction\",\"target\":{\"@type\":\"EntryPoint\",\"urlTemplate\":\"https:\\\/\\\/agustinmolesabogados.com\\\/ca\\\/?s={search_term_string}\"},\"query-input\":{\"@type\":\"PropertyValueSpecification\",\"valueRequired\":true,\"valueName\":\"search_term_string\"}}],\"inLanguage\":\"ca\"},{\"@type\":\"Organization\",\"@id\":\"https:\\\/\\\/agustinmolesabogados.com\\\/ca\\\/#organization\",\"name\":\"Agust\u00edn Moles Abogados\",\"url\":\"https:\\\/\\\/agustinmolesabogados.com\\\/ca\\\/\",\"logo\":{\"@type\":\"ImageObject\",\"inLanguage\":\"ca\",\"@id\":\"https:\\\/\\\/agustinmolesabogados.com\\\/ca\\\/#\\\/schema\\\/logo\\\/image\\\/\",\"url\":\"https:\\\/\\\/agustinmolesabogados.com\\\/wp-content\\\/uploads\\\/2021\\\/03\\\/Logo-agustinn.png\",\"contentUrl\":\"https:\\\/\\\/agustinmolesabogados.com\\\/wp-content\\\/uploads\\\/2021\\\/03\\\/Logo-agustinn.png\",\"width\":113,\"height\":71,\"caption\":\"Agust\u00edn Moles Abogados\"},\"image\":{\"@id\":\"https:\\\/\\\/agustinmolesabogados.com\\\/ca\\\/#\\\/schema\\\/logo\\\/image\\\/\"}}]}<\/script>\n<!-- \/ Yoast SEO plugin. -->","yoast_head_json":{"title":"Seguretat Social - Agust\u00edn Moles Abogados","description":"Us ho posem f\u00e0cil per reclamar totes aquelles prestacions cobertes pel nostre Sistema de Seguretat Social. Contacta amb nosaltres.","robots":{"index":"index","follow":"follow","max-snippet":"max-snippet:-1","max-image-preview":"max-image-preview:large","max-video-preview":"max-video-preview:-1"},"canonical":"https:\/\/agustinmolesabogados.com\/ca\/seguretat-social\/","og_locale":"ca_ES","og_type":"article","og_title":"Seguretat Social - Agust\u00edn Moles Abogados","og_description":"Us ho posem f\u00e0cil per reclamar totes aquelles prestacions cobertes pel nostre Sistema de Seguretat Social. Contacta amb nosaltres.","og_url":"https:\/\/agustinmolesabogados.com\/ca\/seguretat-social\/","og_site_name":"Agust\u00edn Moles Abogados","article_modified_time":"2025-01-02T15:07:58+00:00","og_image":[{"width":1240,"height":918,"url":"https:\/\/agustinmolesabogados.com\/wp-content\/uploads\/2021\/12\/1-copia.jpg","type":"image\/jpeg"}],"twitter_card":"summary_large_image","twitter_misc":{"Temps estimat de lectura":"4 minuts"},"schema":{"@context":"https:\/\/schema.org","@graph":[{"@type":"WebPage","@id":"https:\/\/agustinmolesabogados.com\/ca\/seguretat-social\/","url":"https:\/\/agustinmolesabogados.com\/ca\/seguretat-social\/","name":"Seguretat Social - Agust\u00edn Moles Abogados","isPartOf":{"@id":"https:\/\/agustinmolesabogados.com\/ca\/#website"},"primaryImageOfPage":{"@id":"https:\/\/agustinmolesabogados.com\/ca\/seguretat-social\/#primaryimage"},"image":{"@id":"https:\/\/agustinmolesabogados.com\/ca\/seguretat-social\/#primaryimage"},"thumbnailUrl":"https:\/\/agustinmolesabogados.com\/wp-content\/uploads\/2021\/12\/1-copia-1024x758.jpg","datePublished":"2021-12-01T11:40:43+00:00","dateModified":"2025-01-02T15:07:58+00:00","description":"Us ho posem f\u00e0cil per reclamar totes aquelles prestacions cobertes pel nostre Sistema de Seguretat Social. Contacta amb nosaltres.","breadcrumb":{"@id":"https:\/\/agustinmolesabogados.com\/ca\/seguretat-social\/#breadcrumb"},"inLanguage":"ca","potentialAction":[{"@type":"ReadAction","target":["https:\/\/agustinmolesabogados.com\/ca\/seguretat-social\/"]}]},{"@type":"ImageObject","inLanguage":"ca","@id":"https:\/\/agustinmolesabogados.com\/ca\/seguretat-social\/#primaryimage","url":"https:\/\/agustinmolesabogados.com\/wp-content\/uploads\/2021\/12\/1-copia-1024x758.jpg","contentUrl":"https:\/\/agustinmolesabogados.com\/wp-content\/uploads\/2021\/12\/1-copia-1024x758.jpg"},{"@type":"BreadcrumbList","@id":"https:\/\/agustinmolesabogados.com\/ca\/seguretat-social\/#breadcrumb","itemListElement":[{"@type":"ListItem","position":1,"name":"Portada","item":"https:\/\/agustinmolesabogados.com\/ca\/inici\/"},{"@type":"ListItem","position":2,"name":"Seguretat Social"}]},{"@type":"WebSite","@id":"https:\/\/agustinmolesabogados.com\/ca\/#website","url":"https:\/\/agustinmolesabogados.com\/ca\/","name":"Agust\u00edn Moles Abogados","description":"40 a\u00f1os al servicio de la justicia","publisher":{"@id":"https:\/\/agustinmolesabogados.com\/ca\/#organization"},"potentialAction":[{"@type":"SearchAction","target":{"@type":"EntryPoint","urlTemplate":"https:\/\/agustinmolesabogados.com\/ca\/?s={search_term_string}"},"query-input":{"@type":"PropertyValueSpecification","valueRequired":true,"valueName":"search_term_string"}}],"inLanguage":"ca"},{"@type":"Organization","@id":"https:\/\/agustinmolesabogados.com\/ca\/#organization","name":"Agust\u00edn Moles Abogados","url":"https:\/\/agustinmolesabogados.com\/ca\/","logo":{"@type":"ImageObject","inLanguage":"ca","@id":"https:\/\/agustinmolesabogados.com\/ca\/#\/schema\/logo\/image\/","url":"https:\/\/agustinmolesabogados.com\/wp-content\/uploads\/2021\/03\/Logo-agustinn.png","contentUrl":"https:\/\/agustinmolesabogados.com\/wp-content\/uploads\/2021\/03\/Logo-agustinn.png","width":113,"height":71,"caption":"Agust\u00edn Moles Abogados"},"image":{"@id":"https:\/\/agustinmolesabogados.com\/ca\/#\/schema\/logo\/image\/"}}]}},"_links":{"self":[{"href":"https:\/\/agustinmolesabogados.com\/ca\/wp-json\/wp\/v2\/pages\/5329","targetHints":{"allow":["GET"]}}],"collection":[{"href":"https:\/\/agustinmolesabogados.com\/ca\/wp-json\/wp\/v2\/pages"}],"about":[{"href":"https:\/\/agustinmolesabogados.com\/ca\/wp-json\/wp\/v2\/types\/page"}],"author":[{"embeddable":true,"href":"https:\/\/agustinmolesabogados.com\/ca\/wp-json\/wp\/v2\/users\/3"}],"replies":[{"embeddable":true,"href":"https:\/\/agustinmolesabogados.com\/ca\/wp-json\/wp\/v2\/comments?post=5329"}],"version-history":[{"count":0,"href":"https:\/\/agustinmolesabogados.com\/ca\/wp-json\/wp\/v2\/pages\/5329\/revisions"}],"wp:attachment":[{"href":"https:\/\/agustinmolesabogados.com\/ca\/wp-json\/wp\/v2\/media?parent=5329"}],"wp:term":[{"taxonomy":"folder","embeddable":true,"href":"https:\/\/agustinmolesabogados.com\/ca\/wp-json\/wp\/v2\/folder?post=5329"}],"curies":[{"name":"wp","href":"https:\/\/api.w.org\/{rel}","templated":true}]}}